{"id":39,"date":"2020-02-27T12:31:35","date_gmt":"2020-02-27T12:31:35","guid":{"rendered":"https:\/\/radsport-senger.de\/?page_id=39"},"modified":"2021-02-03T10:40:59","modified_gmt":"2021-02-03T10:40:59","slug":"startseite","status":"publish","type":"page","link":"https:\/\/radsport-senger.de\/","title":{"rendered":"Willkommen bei Radsport Senger"},"content":{"rendered":"\n<p><\/p>\n\n\n\n<figure class=\"wp-block-image size-large is-resized\"><img loading=\"lazy\" decoding=\"async\" src=\"https:\/\/radsport-senger.de\/wp-content\/uploads\/2020\/02\/393x223-startbild.jpg\" alt=\"\" class=\"wp-image-30\" width=\"695\" height=\"395\" srcset=\"https:\/\/radsport-senger.de\/wp-content\/uploads\/2020\/02\/393x223-startbild.jpg 393w, https:\/\/radsport-senger.de\/wp-content\/uploads\/2020\/02\/393x223-startbild-300x170.jpg 300w\" sizes=\"auto, (max-width: 695px) 85vw, 695px\" \/><\/figure>\n\n\n\n<p><\/p>\n\n\n\n<p><\/p>\n\n\n\n<p>Das Gesch\u00e4ft befindet sich im Zentrum von Kressbronn, in  der Kirchstr. 19\/1. Das in der dritten Generation gef\u00fchrte  Familienunternehmen, wurde 1998 modernisiert und erweitert. <\/p>\n\n\n\n<p>Auf ca. 300 qm Verkaufs- + Ausstellungsfl\u00e4che, k\u00f6nnen Sie sich einen \u00dcberblick rund ums Fahrrad verschaffen.<\/p>\n\n\n\n<p>In unserem Sortiment finden Sie von namhaften Herstellern \nvom Kinderrad \u00fcber Zubeh\u00f6r, Ersatzteile, bis zum Mountainbike einfach \nalles was mit R\u00e4dern zu tun hat.<\/p>\n\n\n\n<p><strong>Verkauf, Service und kompetente Beratung sind unsere St\u00e4rke.<\/strong><\/p>\n\n\n\n<figure class=\"wp-block-image size-large\"><a href=\"https:\/\/konfigurator.velo-de-ville.com\/de?h_ident=55020&amp;direct=true\"><img loading=\"lazy\" decoding=\"async\" width=\"800\" height=\"267\" src=\"https:\/\/radsport-senger.de\/wp-content\/uploads\/2021\/02\/201118_VDV_Online-Banner_600x200.jpg\" alt=\"\" class=\"wp-image-121\" srcset=\"https:\/\/radsport-senger.de\/wp-content\/uploads\/2021\/02\/201118_VDV_Online-Banner_600x200.jpg 800w, https:\/\/radsport-senger.de\/wp-content\/uploads\/2021\/02\/201118_VDV_Online-Banner_600x200-300x100.jpg 300w, https:\/\/radsport-senger.de\/wp-content\/uploads\/2021\/02\/201118_VDV_Online-Banner_600x200-768x256.jpg 768w\" sizes=\"auto, (max-width: 800px) 85vw, 800px\" \/><\/a><\/figure>\n","protected":false},"excerpt":{"rendered":"<p>Das Gesch\u00e4ft befindet sich im Zentrum von Kressbronn, in der Kirchstr. 19\/1. Das in der dritten Generation gef\u00fchrte Familienunternehmen, wurde 1998 modernisiert und erweitert. Auf ca. 300 qm Verkaufs- + Ausstellungsfl\u00e4che, k\u00f6nnen Sie sich einen \u00dcberblick rund ums Fahrrad verschaffen. In unserem Sortiment finden Sie von namhaften Herstellern vom Kinderrad \u00fcber Zubeh\u00f6r, Ersatzteile, bis zum &hellip; <a href=\"https:\/\/radsport-senger.de\/\" class=\"more-link\"><span class=\"screen-reader-text\">\u201eWillkommen bei Radsport Senger\u201c <\/span>weiterlesen<\/a><\/p>\n","protected":false},"author":1,"featured_media":0,"parent":0,"menu_order":0,"comment_status":"closed","ping_status":"closed","template":"","meta":{"footnotes":""},"class_list":["post-39","page","type-page","status-publish","hentry"],"_links":{"self":[{"href":"https:\/\/radsport-senger.de\/index.php?rest_route=\/wp\/v2\/pages\/39","targetHints":{"allow":["GET"]}}],"collection":[{"href":"https:\/\/radsport-senger.de\/index.php?rest_route=\/wp\/v2\/pages"}],"about":[{"href":"https:\/\/radsport-senger.de\/index.php?rest_route=\/wp\/v2\/types\/page"}],"author":[{"embeddable":true,"href":"https:\/\/radsport-senger.de\/index.php?rest_route=\/wp\/v2\/users\/1"}],"replies":[{"embeddable":true,"href":"https:\/\/radsport-senger.de\/index.php?rest_route=%2Fwp%2Fv2%2Fcomments&post=39"}],"version-history":[{"count":10,"href":"https:\/\/radsport-senger.de\/index.php?rest_route=\/wp\/v2\/pages\/39\/revisions"}],"predecessor-version":[{"id":123,"href":"https:\/\/radsport-senger.de\/index.php?rest_route=\/wp\/v2\/pages\/39\/revisions\/123"}],"wp:attachment":[{"href":"https:\/\/radsport-senger.de\/index.php?rest_route=%2Fwp%2Fv2%2Fmedia&parent=39"}],"curies":[{"name":"wp","href":"https:\/\/api.w.org\/{rel}","templated":true}]}}